{"id":2644,"date":"2017-11-28T13:41:42","date_gmt":"2017-11-28T13:41:42","guid":{"rendered":"http:\/\/www.encontrabelohorizonte.com.br\/sobre\/?page_id=2644"},"modified":"2017-11-29T12:56:51","modified_gmt":"2017-11-29T12:56:51","slug":"senai-belo-horizonte","status":"publish","type":"page","link":"https:\/\/www.encontrabelohorizonte.com.br\/sobre\/senai-belo-horizonte\/","title":{"rendered":"Senai Belo Horizonte"},"content":{"rendered":"<div class=\"2e083cf0b19e2c11948dc6ac054ba979\" data-index=\"1\" style=\"float: none; margin:0px;\">\n<!-- Anuncio display - global -->\r\n<ins class=\"adsbygoogle\"\r\n     style=\"display:block\"\r\n     data-ad-client=\"ca-pub-8585364105181520\"\r\n     data-ad-slot=\"8789329856\"\r\n     data-ad-format=\"auto\"\r\n     data-full-width-responsive=\"true\"><\/ins>\r\n<script>\r\n     (adsbygoogle = window.adsbygoogle || []).push({});\r\n<\/script>\n<\/div>\n<p>O <strong>Senai Belo Horizonte<\/strong> \u00e9 um dos maiores polos de gera\u00e7\u00e3o e dissemina\u00e7\u00e3o de conhecimentos aplicados ao desenvolvimento da ind\u00fastria do Brasil e de Minas Gerais.<\/p>\n<p>Criado em 1942, por iniciativa do empresariado do setor, o Senai faz parte da Confedera\u00e7\u00e3o Nacional da Ind\u00fastria (CNI) e do Sistema Federa\u00e7\u00e3o das Ind\u00fastrias do Estado de Minas Gerais (FIEMG).<\/p>\n<p><img loading=\"lazy\" decoding=\"async\" class=\"alignnone wp-image-2645 size-full\" title=\"Senai Belo Horizonte\" src=\"https:\/\/www.encontrabelohorizonte.com.br\/sobre\/wp-content\/uploads\/senai-belo-horizonte.jpg\" alt=\"Senai Belo Horizonte\" width=\"680\" height=\"189\" srcset=\"https:\/\/www.encontrabelohorizonte.com.br\/sobre\/wp-content\/uploads\/senai-belo-horizonte.jpg 680w, https:\/\/www.encontrabelohorizonte.com.br\/sobre\/wp-content\/uploads\/senai-belo-horizonte-300x83.jpg 300w\" sizes=\"auto, (max-width: 680px) 100vw, 680px\" \/><\/p>\n<p>O <span style=\"text-decoration: underline;\">Senai<\/span> \u00e9 refer\u00eancia nacional na presta\u00e7\u00e3o de servi\u00e7os t\u00e9cnicos tecnol\u00f3gicos, pois possui compet\u00eancia e estrutura para atender a todos os setores industriais de Minas Gerais. O <span style=\"text-decoration: underline;\">Senai<\/span> possui unidades operacionais estrategicamente distribu\u00eddas no Estado que oferece servi\u00e7os que visam solucionar problemas tecnol\u00f3gicos de forma a fortalecer a competitividade da ind\u00fastria mineira. A multidisciplinaridade, a estrutura e a qualidade dos atendimentos s\u00e3o o diferencial de mercado do Senai \u00e0 servi\u00e7o da ind\u00fastria.<\/p>\n<h2>Senai Belo Horizonte Cursos T\u00e9cnicos<\/h2>\n<p>Investir em cursos t\u00e9cnicos no <span style=\"text-decoration: underline;\">SENAI MG<\/span> \u00e9 uma \u00f3tima alternativa para qualquer estudante se encontrar profissionalmente e garantir ascens\u00e3o profissional na \u00e1rea escolhida, afinal, o Ensino T\u00e9cnico combina o conhecimento geral, a teoria e as pr\u00e1ticas espec\u00edficas. Com ele, o estudante encontra a qualifica\u00e7\u00e3o necess\u00e1ria para atuar na ind\u00fastria do conhecimento,\u00a0 com\u00a0 foco na inova\u00e7\u00e3o e na tecnologia<\/p>\n<p>Tudo isso faz do curso t\u00e9cnico do <span style=\"text-decoration: underline;\">SENAI<\/span> um importante diferencial para profissionais que buscam destaque no mercado de trabalho, adquirindo, assim, todas as habilidades que a ind\u00fastria precisa e procura.<\/p>\n<p>Cursos T\u00e9cnicos oferecidos:<\/p>\n<ul>\n<li>T\u00e9cnico em Manuten\u00e7\u00e3o Automotiva<\/li>\n<li>T\u00e9cnico em Edifica\u00e7\u00f5es<\/li>\n<li>T\u00e9cnico em Eletrot\u00e9cnica<\/li>\n<li>T\u00e9cnico em Eletr\u00f4nica<\/li>\n<li>T\u00e9cnico em Biotecnologia<\/li>\n<li>T\u00e9cnico em Administra\u00e7\u00e3o<\/li>\n<li>T\u00e9cnico em Comunica\u00e7\u00e3o Visual<\/li>\n<li>T\u00e9cnico em Mec\u00e2nica<\/li>\n<li>T\u00e9cnico em Qu\u00edmica<\/li>\n<li>T\u00e9cnico em Seguran\u00e7a do Trabalho<\/li>\n<li>T\u00e9cnico em Vestu\u00e1rio<\/li>\n<\/ul>\n<h3>Senai Belo Horizonte Cursos Gratuitos<\/h3>\n<p>A institui\u00e7\u00e3o <span style=\"text-decoration: underline;\">Senai de Belo Horizonte<\/span> possui periodicamente cursos gr\u00e1tis\u00a0 para v\u00e1rias \u00e1reas nas modalidades de ensino: forma\u00e7\u00e3o inicial continuada ou Aprendizagem ou qualifica\u00e7\u00e3o profissional de\u00a0 N\u00edvel M\u00e9dio ou Tecnol\u00f3gica de gradua\u00e7\u00e3o e de p\u00f3s-gradua\u00e7\u00e3o.<\/p>\n<p>As pessoas que pretendem se inscrever para os cursos de Aprendizagem (de 14 a 24 anos) podem acessar a p\u00e1gina: <a href=\"http:\/\/www7.fiemg.com.br\/senai\" target=\"_blank\" rel=\"noopener noreferrer\">www7.fiemg.com.br\/senai<\/a><strong><br \/>\n<\/strong><\/p>\n<h3>Senai Belo Horizonte Cecoteg<\/h3>\n<p>O <span style=\"text-decoration: underline;\">Senai\u00a0 CECOTEG<\/span> \u00e9 especialista nas \u00e1reas de Comunica\u00e7\u00e3o Visual, Design Gr\u00e1fico, Tecnologia Gr\u00e1fica, Multim\u00eddia, garantindo a educa\u00e7\u00e3o profissionalizante da melhor qualidade. Possui uma infraestrutura completa, com laborat\u00f3rios de inform\u00e1tica, oficinas gr\u00e1ficas, est\u00fadio fotogr\u00e1fico e audiovisual. Em sua equipe, conta docentes especializados na forma\u00e7\u00e3o profissional nas diversas modalidades de cursos.<\/p>\n<p>Produtos Oferecidos:<\/p>\n<p>Cursos T\u00e9cnicos<\/p>\n<ul>\n<li>Comunica\u00e7\u00e3o Visual<\/li>\n<li>Multim\u00eddia<\/li>\n<\/ul>\n<p>Aprendizagem Industrial<\/p>\n<ul>\n<li>\u00a0Acabamento Gr\u00e1fico<\/li>\n<li>Impress\u00e3o Digital]<\/li>\n<li>Impress\u00e3o Flexogr\u00e1fica<\/li>\n<li>Impress\u00e3o Serigr\u00e1fica<\/li>\n<li>Pr\u00e9-Impress\u00e3o Gr\u00e1fica<\/li>\n<li>Impress\u00e3o Offset<\/li>\n<\/ul>\n<p>Qualifica\u00e7\u00e3o Profissional<\/p>\n<ul>\n<li>Impressor Flexogr\u00e1fico<\/li>\n<li>Desenhista de Produtos Gr\u00e1ficos Web<\/li>\n<li>Operador de Acabamento Editorial<\/li>\n<li>Operador de Editora\u00e7\u00e3o Eletr\u00f4nica<\/li>\n<li>Ser\u00edgrafo<\/li>\n<li>Auxiliar de Impress\u00e3o Offse<\/li>\n<li>Impressor Offset<\/li>\n<\/ul>\n<p>Aperfei\u00e7oamento<\/p>\n<ul>\n<li>Editor de TV e V\u00eddeo<\/li>\n<li>Finalizador de V\u00eddeo<\/li>\n<li>Fotografia de alimentos e produtos<\/li>\n<li>Arte Finalista<\/li>\n<li>Design de Superf\u00edcie<\/li>\n<li>Produ\u00e7\u00e3o Gr\u00e1fica<\/li>\n<li>Fechamento de Arquivo<\/li>\n<li>Operador de Editora\u00e7\u00e3o Eletr\u00f4nica<\/li>\n<li>Acabamento Gr\u00e1fico<\/li>\n<li>Softwares gr\u00e1ficos: Corel Draw, Photoshop, Illustrator, InDesign<\/li>\n<\/ul>\n<h3>SENAI Belo Horizonte Cetel<\/h3>\n<p>Inaugurado em setembro de 1982, o <span style=\"text-decoration: underline;\">SENAI BH CETEL<\/span> C\u00e9sar Rodrigues foi fruto de uma parceria entre o Brasil e Jap\u00e3o. A tradi\u00e7\u00e3o da escola no ensino de eletr\u00f4nica se expandiu para mais tr\u00eas \u00e1reas: eletrot\u00e9cnica, automa\u00e7\u00e3o industrial e tecnologia da informa\u00e7\u00e3o.<\/p>\n<p>Produtos e servi\u00e7os oferecidos<\/p>\n<p>Aprendizagem Industrial<\/p>\n<ul>\n<li>Eletroeletr\u00f4nica<\/li>\n<li>Redes de Telecomunica\u00e7\u00f5es<\/li>\n<\/ul>\n<p>Cursos T\u00e9cnicos<\/p>\n<ul>\n<li>Eletr\u00f4nica<\/li>\n<li>Eletrot\u00e9cnica<\/li>\n<li>Automa\u00e7\u00e3o Industrial<\/li>\n<li>Inform\u00e1tica<\/li>\n<\/ul>\n<p>Especializa\u00e7\u00e3o T\u00e9cnica<\/p>\n<p>Cursos de Qualifica\u00e7\u00e3o<\/p>\n<ul>\n<li>Eletricista instalador predial de baixa tens\u00e3o<\/li>\n<li>Eletricista Industrial<\/li>\n<\/ul>\n<p>Cursos de aperfei\u00e7oamento<\/p>\n<p>Eletroeletr\u00f4nica<\/p>\n<ul>\n<li>Comandos el\u00e9tricos<\/li>\n<li>Efici\u00eancia Energ\u00e9tica I<\/li>\n<li>Eletricista instalador de CFTV<\/li>\n<li>Eletricista de automa\u00e7\u00e3o residencial<\/li>\n<li>Eletricidade b\u00e1sica<\/li>\n<li>Eletroeletr\u00f4nica<\/li>\n<li>Projeto de placas de circuito impresso<\/li>\n<\/ul>\n<p>Energia Solar Fotovoltaica<\/p>\n<p>Seguran\u00e7a do Trabalho<\/p>\n<ul>\n<li>Curso b\u00e1sico NR-10<\/li>\n<li>Reciclagem do Curso b\u00e1sico NR-10<\/li>\n<\/ul>\n<p>Automa\u00e7\u00e3o &#8211; Instrumenta\u00e7\u00e3o<\/p>\n<ul>\n<li>Instrumentista de Automa\u00e7\u00e3o Industrial<\/li>\n<li>Instrumenta\u00e7\u00e3o e Controle de Processos Industriais<\/li>\n<li>Montagem, Configura\u00e7\u00e3o e Comissionamento de Redes Foundation Fieldbus<\/li>\n<li>Montagem, Configura\u00e7\u00e3o e Comissionamento de Redes Profibus DP\/PA<\/li>\n<\/ul>\n<p>Automa\u00e7\u00e3o &#8211; CLP<\/p>\n<ul>\n<li>Programa\u00e7\u00e3o CLP N\u00edvel 1<\/li>\n<li>Programa\u00e7\u00e3o CLP N\u00edvel 2<\/li>\n<\/ul>\n<h3>Endere\u00e7o e Telefone Senai Belo Horizonte<\/h3>\n<ul>\n<li><strong>Senai Laborat\u00f3rio Aberto<\/strong> &#8211; Rua Sete, 484 &#8211; Horto Florestal &#8211; (31) 3489-2005<\/li>\n<li><strong>Senai Centro<\/strong> &#8211; Rua dos Caet\u00e9s, 741 5\u00ba e 6\u00ba andares &#8211; (31) 3281-4983<\/li>\n<li><strong>Senai CFP Paulo de Tarso<\/strong> &#8211; Rua Humait\u00e1, 1275 &#8211; Padre Eust\u00e1quio &#8211; (31) 3419-0900<\/li>\n<li><strong>Senai MODATEC<\/strong> &#8211; Rua Santo Agostinho, 1717 &#8211; Bairro Horto &#8211; (31) 3482-5611<\/li>\n<li><strong>Senai CECOTEG<\/strong> &#8211; Rua Santo Agostinho, 1717 &#8211; Bairro Horto &#8211; (31) 3482-5635<\/li>\n<li><strong>Senai CFP Am\u00e9rico Ren\u00ea Giannetti<\/strong> &#8211;\u00a0 Avenida Ant\u00f4nio Carlos, 561 &#8211; (31) 3422-5023<\/li>\n<li><strong>Senai CETEL C\u00e9sar Rodrigues<\/strong> &#8211; Rua Santo Agostinho, 1717 &#8211; Bairro Horto &#8211; (31) 3482-5582<\/li>\n<\/ul>\n<h4>Outras informa\u00e7\u00f5es e site<\/h4>\n<p>Mais informa\u00e7\u00f5es:\u00a0<a href=\"http:\/\/www7.fiemg.com.br\/senai\" target=\"_blank\" rel=\"noopener noreferrer\">www7.fiemg.com.br\/senai<\/a><\/p>\n<h4>Mapa de localiza\u00e7\u00e3o<\/h4>\n<a class=\"wp-colorbox-iframe\" href=\"https:\/\/www.google.com\/maps\/embed?pb=!1m18!1m12!1m3!1d3751.1995592138755!2d-43.94336118508559!3d-19.91599368661158!2m3!1f0!2f0!3f0!3m2!1i1024!2i768!4f13.1!3m3!1m2!1s0xa699fc4c6c47330x2f34e1974e88650e!2sRua+dos+Caets+741+-+Centro+Belo+Horizonte+-+MG+30120-080!5e0!3m2!1spt-BR!2sbr!4v1511873675183\"><img decoding=\"async\" src=\"http:\/\/www.encontrabelohorizonte.com.br\/imgs\/maps-post.png\"><\/a>\n\n<div style=\"font-size: 0px; height: 0px; line-height: 0px; margin: 0; padding: 0; clear: both;\"><\/div>","protected":false},"excerpt":{"rendered":"<p>O Senai Belo Horizonte \u00e9 um dos maiores polos de gera\u00e7\u00e3o e dissemina\u00e7\u00e3o de conhecimentos aplicados ao desenvolvimento da ind\u00fastria do Brasil e de Minas Gerais. Criado em 1942, por iniciativa do empresariado do setor, o Senai faz parte da Confedera\u00e7\u00e3o Nacional da Ind\u00fastria (CNI) e do Sistema Federa\u00e7\u00e3o das Ind\u00fastrias do Estado de Minas Gerais (FIEMG). O Senai \u00e9 refer\u00eancia nacional na presta\u00e7\u00e3o de servi\u00e7os t\u00e9cnicos tecnol\u00f3gicos, pois possui compet\u00eancia e estrutura para atender a todos os setores industriais de Minas Gerais. O Senai possui unidades operacionais estrategicamente distribu\u00eddas no Estado que oferece servi\u00e7os que visam solucionar problemas tecnol\u00f3gicos <\/p>\n","protected":false},"author":1,"featured_media":0,"parent":0,"menu_order":0,"comment_status":"closed","ping_status":"closed","template":"","meta":{"footnotes":""},"class_list":["post-2644","page","type-page","status-publish","hentry"],"aioseo_notices":[],"_links":{"self":[{"href":"https:\/\/www.encontrabelohorizonte.com.br\/sobre\/wp-json\/wp\/v2\/pages\/2644","targetHints":{"allow":["GET"]}}],"collection":[{"href":"https:\/\/www.encontrabelohorizonte.com.br\/sobre\/wp-json\/wp\/v2\/pages"}],"about":[{"href":"https:\/\/www.encontrabelohorizonte.com.br\/sobre\/wp-json\/wp\/v2\/types\/page"}],"author":[{"embeddable":true,"href":"https:\/\/www.encontrabelohorizonte.com.br\/sobre\/wp-json\/wp\/v2\/users\/1"}],"replies":[{"embeddable":true,"href":"https:\/\/www.encontrabelohorizonte.com.br\/sobre\/wp-json\/wp\/v2\/comments?post=2644"}],"version-history":[{"count":0,"href":"https:\/\/www.encontrabelohorizonte.com.br\/sobre\/wp-json\/wp\/v2\/pages\/2644\/revisions"}],"wp:attachment":[{"href":"https:\/\/www.encontrabelohorizonte.com.br\/sobre\/wp-json\/wp\/v2\/media?parent=2644"}],"curies":[{"name":"wp","href":"https:\/\/api.w.org\/{rel}","templated":true}]}}