{"id":2739,"date":"2017-11-30T18:12:09","date_gmt":"2017-11-30T18:12:09","guid":{"rendered":"http:\/\/www.encontrabelohorizonte.com.br\/sobre\/?page_id=2739"},"modified":"2017-11-30T18:20:05","modified_gmt":"2017-11-30T18:20:05","slug":"praca-da-estacao-belo-horizonte","status":"publish","type":"page","link":"https:\/\/www.encontrabelohorizonte.com.br\/sobre\/praca-da-estacao-belo-horizonte\/","title":{"rendered":"Pra\u00e7a da Esta\u00e7\u00e3o Belo Horizonte"},"content":{"rendered":"<div class=\"2e083cf0b19e2c11948dc6ac054ba979\" data-index=\"1\" style=\"float: none; margin:0px;\">\n<!-- Anuncio display - global -->\r\n<ins class=\"adsbygoogle\"\r\n     style=\"display:block\"\r\n     data-ad-client=\"ca-pub-8585364105181520\"\r\n     data-ad-slot=\"8789329856\"\r\n     data-ad-format=\"auto\"\r\n     data-full-width-responsive=\"true\"><\/ins>\r\n<script>\r\n     (adsbygoogle = window.adsbygoogle || []).push({});\r\n<\/script>\n<\/div>\n<p>Pra\u00e7a Rui Barbosa \u00e9 uma pra\u00e7a situada na regi\u00e3o central da cidade de Belo Horizonte.<\/p>\n<p>\u00c9 mais conhecida como <strong>Pra\u00e7a da Esta\u00e7\u00e3o Belo Horizonte<\/strong> por estar localizada em frente ao pr\u00e9dio da antiga esta\u00e7\u00e3o da Estrada de Ferro Central do Brasil, hoje Museu de Artes e Of\u00edcios (MAO).<\/p>\n<p><img loading=\"lazy\" decoding=\"async\" class=\"alignnone wp-image-2740 size-full\" title=\"Pra\u00e7a da Esta\u00e7\u00e3o Belo Horizonte\" src=\"https:\/\/www.encontrabelohorizonte.com.br\/sobre\/wp-content\/uploads\/praca-da-estacao-belo-horiz.jpg\" alt=\"Pra\u00e7a da Esta\u00e7\u00e3o Belo Horizonte\" width=\"680\" height=\"189\" srcset=\"https:\/\/www.encontrabelohorizonte.com.br\/sobre\/wp-content\/uploads\/praca-da-estacao-belo-horiz.jpg 680w, https:\/\/www.encontrabelohorizonte.com.br\/sobre\/wp-content\/uploads\/praca-da-estacao-belo-horiz-300x83.jpg 300w\" sizes=\"auto, (max-width: 680px) 100vw, 680px\" \/><\/p>\n<p>A entrada da Esta\u00e7\u00e3o Central do Metr\u00f4 de Belo Horizonte tamb\u00e9m est\u00e1 situada nesta pra\u00e7a<\/p>\n<h2>Pra\u00e7a da Esta\u00e7\u00e3o Belo Horizonte Show<\/h2>\n<p>A Pra\u00e7a Rui Barbosa \u00e9 atualmente um dos principais espa\u00e7os p\u00fablicos para a realiza\u00e7\u00e3o de <em>shows e eventos<\/em>.<\/p>\n<p>Nela acontece uma das maiores festas juninas do pa\u00eds, o Arraial de Bel\u00f4. Abriga ainda a Esta\u00e7\u00e3o Central do Metr\u00f4 e o Museu de Artes e Of\u00edcios, o \u00fanico museu do g\u00eanero na Am\u00e9rica Latina, implantado em um belo edif\u00edcio neocl\u00e1ssico.<\/p>\n<h3>Pra\u00e7a da Esta\u00e7\u00e3o Belo Horizonte R\u00e9veillon<\/h3>\n<p>A Pra\u00e7a da Esta\u00e7\u00e3o j\u00e1 foi palco do maior <span style=\"text-decoration: underline;\">R\u00e9veillon<\/span> de Belo Horizonte. As comemora\u00e7\u00f5es da virada foram sempre com muita m\u00fasica e anima\u00e7\u00e3o.<\/p>\n<h3>Pra\u00e7a da Esta\u00e7\u00e3o Belo Horizonte Hist\u00f3ria<\/h3>\n<p>Foi a porta de entrada de toda a mat\u00e9ria-prima utilizada na constru\u00e7\u00e3o da nova capital de Minas Gerais, no final do s\u00e9culo XIX. O primeiro rel\u00f3gio p\u00fablico da cidade foi instalado no alto da torre do primitivo pr\u00e9dio que abrigou a Esta\u00e7\u00e3o Ferrovi\u00e1ria.<\/p>\n<p>A pra\u00e7a come\u00e7ou a ser urbanizada em 1904, com jardins em estilo ingl\u00eas.<\/p>\n<p>Em 11 de novembro de 1922, foi inaugurado o novo pr\u00e9dio em estilo ecl\u00e9tico, projeto do arquiteto Luiz Olivieri, para atender \u00e0 demanda da efervescente cidade e o desenho dos jardins da pra\u00e7a foi todo modificado para um estilo franc\u00eas.<\/p>\n<p>Desde o movimento das Diretas J\u00e1, at\u00e9 os dias de hoje a pra\u00e7a \u00e9 um espa\u00e7o livre para manifesta\u00e7\u00f5es populares de todas camadas sociais. Poetas, artistas, estado e o povo ali se encontram para expor suas ideias, sonhos e fantasias.<\/p>\n<h3>Hor\u00e1rio de Funcionamento Pra\u00e7a da Esta\u00e7\u00e3o Belo Horizonte<\/h3>\n<ul>\n<li>Atendimento 24 horas<\/li>\n<\/ul>\n<h3>Endere\u00e7o Pra\u00e7a da Esta\u00e7\u00e3o Belo Horizonte<\/h3>\n<ul>\n<li>Av. dos Andradas, 7698-7704 &#8211; Centro &#8211; Belo Horizonte &#8211; MG<\/li>\n<\/ul>\n<h4>Mapa de localiza\u00e7\u00e3o<\/h4>\n<a class=\"wp-colorbox-iframe\" href=\"https:\/\/www.google.com\/maps\/embed?pb=!1m14!1m8!1m3!1d15004.72130289677!2d-43.9342175!3d-19.9168045!3m2!1i1024!2i768!4f13.1!3m3!1m2!1s0x00x3fd9236bc82561e3!2sPraa+Rui+Barbosa!5e0!3m2!1spt-BR!2sbr!4v1512063463993\"><img decoding=\"async\" src=\"http:\/\/www.encontrabelohorizonte.com.br\/imgs\/maps-post.png\"><\/a>\n\n<div style=\"font-size: 0px; height: 0px; line-height: 0px; margin: 0; padding: 0; clear: both;\"><\/div>","protected":false},"excerpt":{"rendered":"<p>Pra\u00e7a Rui Barbosa \u00e9 uma pra\u00e7a situada na regi\u00e3o central da cidade de Belo Horizonte. \u00c9 mais conhecida como Pra\u00e7a da Esta\u00e7\u00e3o Belo Horizonte por estar localizada em frente ao pr\u00e9dio da antiga esta\u00e7\u00e3o da Estrada de Ferro Central do Brasil, hoje Museu de Artes e Of\u00edcios (MAO). A entrada da Esta\u00e7\u00e3o Central do Metr\u00f4 de Belo Horizonte tamb\u00e9m est\u00e1 situada nesta pra\u00e7a Pra\u00e7a da Esta\u00e7\u00e3o Belo Horizonte Show A Pra\u00e7a Rui Barbosa \u00e9 atualmente um dos principais espa\u00e7os p\u00fablicos para a realiza\u00e7\u00e3o de shows e eventos. Nela acontece uma das maiores festas juninas do pa\u00eds, o Arraial de Bel\u00f4. <\/p>\n","protected":false},"author":1,"featured_media":0,"parent":0,"menu_order":0,"comment_status":"closed","ping_status":"closed","template":"","meta":{"footnotes":""},"class_list":["post-2739","page","type-page","status-publish","hentry"],"aioseo_notices":[],"_links":{"self":[{"href":"https:\/\/www.encontrabelohorizonte.com.br\/sobre\/wp-json\/wp\/v2\/pages\/2739","targetHints":{"allow":["GET"]}}],"collection":[{"href":"https:\/\/www.encontrabelohorizonte.com.br\/sobre\/wp-json\/wp\/v2\/pages"}],"about":[{"href":"https:\/\/www.encontrabelohorizonte.com.br\/sobre\/wp-json\/wp\/v2\/types\/page"}],"author":[{"embeddable":true,"href":"https:\/\/www.encontrabelohorizonte.com.br\/sobre\/wp-json\/wp\/v2\/users\/1"}],"replies":[{"embeddable":true,"href":"https:\/\/www.encontrabelohorizonte.com.br\/sobre\/wp-json\/wp\/v2\/comments?post=2739"}],"version-history":[{"count":0,"href":"https:\/\/www.encontrabelohorizonte.com.br\/sobre\/wp-json\/wp\/v2\/pages\/2739\/revisions"}],"wp:attachment":[{"href":"https:\/\/www.encontrabelohorizonte.com.br\/sobre\/wp-json\/wp\/v2\/media?parent=2739"}],"curies":[{"name":"wp","href":"https:\/\/api.w.org\/{rel}","templated":true}]}}