{"id":2775,"date":"2017-12-04T13:52:09","date_gmt":"2017-12-04T13:52:09","guid":{"rendered":"http:\/\/www.encontrabelohorizonte.com.br\/sobre\/?page_id=2775"},"modified":"2017-12-04T13:57:33","modified_gmt":"2017-12-04T13:57:33","slug":"palacio-das-artes-belo-horizonte","status":"publish","type":"page","link":"https:\/\/www.encontrabelohorizonte.com.br\/sobre\/palacio-das-artes-belo-horizonte\/","title":{"rendered":"Pal\u00e1cio das Artes Belo Horizonte"},"content":{"rendered":"<div class=\"2e083cf0b19e2c11948dc6ac054ba979\" data-index=\"1\" style=\"float: none; margin:0px;\">\n<!-- Anuncio display - global -->\r\n<ins class=\"adsbygoogle\"\r\n     style=\"display:block\"\r\n     data-ad-client=\"ca-pub-8585364105181520\"\r\n     data-ad-slot=\"8789329856\"\r\n     data-ad-format=\"auto\"\r\n     data-full-width-responsive=\"true\"><\/ins>\r\n<script>\r\n     (adsbygoogle = window.adsbygoogle || []).push({});\r\n<\/script>\n<\/div>\n<p>O <strong>Pal\u00e1cio das Artes Belo Horizonte<\/strong>, vinculado \u00e0 Funda\u00e7\u00e3o Cl\u00f3vis Salgado, \u00e9 o maior centro de produ\u00e7\u00e3o, forma\u00e7\u00e3o e difus\u00e3o cultural de Minas Gerais e um dos maiores da Am\u00e9rica Latina.<\/p>\n<p>Situado em Belo Horizonte, e inaugurado em 1971, o complexo arquitet\u00f4nico ocupa uma \u00e1rea de 900 mil metros quadrados dentro do Parque Municipal voltados para a exibi\u00e7\u00e3o, produ\u00e7\u00e3o e forma\u00e7\u00e3o de recursos humanos para o mercado de artes e espet\u00e1culos.<\/p>\n<p><img loading=\"lazy\" decoding=\"async\" class=\"alignnone wp-image-2776 size-full\" title=\"Pal\u00e1cio das Artes Belo Horizonte\" src=\"https:\/\/www.encontrabelohorizonte.com.br\/sobre\/wp-content\/uploads\/palacio-das-artes-belo-hori.jpg\" alt=\"Pal\u00e1cio das Artes Belo Horizonte\" width=\"680\" height=\"189\" srcset=\"https:\/\/www.encontrabelohorizonte.com.br\/sobre\/wp-content\/uploads\/palacio-das-artes-belo-hori.jpg 680w, https:\/\/www.encontrabelohorizonte.com.br\/sobre\/wp-content\/uploads\/palacio-das-artes-belo-hori-300x83.jpg 300w\" sizes=\"auto, (max-width: 680px) 100vw, 680px\" \/><\/p>\n<p>A Funda\u00e7\u00e3o disp\u00f5e de recursos c\u00eanicos e ac\u00fasticos de elevado padr\u00e3o t\u00e9cnico para a montagem de \u00f3peras, pe\u00e7as teatrais, concertos de orquestra, espet\u00e1culos de dan\u00e7a e shows de m\u00fasica popular, al\u00e9m de salas adequadas e confort\u00e1veis para exposi\u00e7\u00f5es, exibi\u00e7\u00e3o de filmes, lan\u00e7amento de livros, palestras, congressos e semin\u00e1rios.<\/p>\n<h2>Pal\u00e1cio das Artes Belo Horizonte Programa\u00e7\u00e3o<\/h2>\n<p><a href=\"http:\/\/www.fcs.mg.gov.br\/index.php?option=com_gmg&amp;controller=events&amp;y=2018&amp;m=1&amp;d=26&amp;Itemid=1256\" target=\"_blank\" rel=\"noopener noreferrer\">Clique aqui<\/a> e confira a <span style=\"text-decoration: underline;\">programa\u00e7\u00e3o<\/span> do Pal\u00e1cio das Artes Belo Horizonte.<\/p>\n<h3>Pal\u00e1cio das Artes Belo Horizonte Bilheteria<\/h3>\n<p>Na <span style=\"text-decoration: underline;\">Bilheteria<\/span> s\u00e3o aceitos pagamentos com cart\u00f5es de d\u00e9bito e cr\u00e9dito, Vales Cultura das bandeiras Alelo Cultura e Ticket.<\/p>\n<p>S\u00e3o disponibilizadas tamb\u00e9m vendas pela internet pelo site <a href=\"https:\/\/www.ingressorapido.com.br\/\" target=\"_blank\" rel=\"noopener noreferrer\">Ingresso R\u00e1pido<\/a> ou pelo televendas 4003-1212.<\/p>\n<h3>Pal\u00e1cio das Artes Belo Horizonte Cinema<\/h3>\n<p>Semanalmente, o <span style=\"text-decoration: underline;\">Cine Humberto Mauro<\/span> apresenta ainda dois programas de exibi\u00e7\u00e3o de v\u00eddeos e curtas, o <span style=\"text-decoration: underline;\">Cineclube Curta Circuito<\/span>, promovido pela Associa\u00e7\u00e3o Curta Minas, e a Mostrav\u00eddeo Ita\u00fa Cultural, realizada pelo Instituto Ita\u00fa Cultural, ambos com entrada franca.<\/p>\n<p>Desenvolve tamb\u00e9m programa\u00e7\u00f5es regulares com o apoio do Instituto Goethe de S\u00e3o Paulo, Embaixada da Fran\u00e7a, Embaixada da Espanha, Cinemateca Brasileira, entre outros.<\/p>\n<h3>Endere\u00e7o e Telefone Pal\u00e1cio das Artes Belo Horizonte<\/h3>\n<ul>\n<li>Av. Afonso Pena, 1537 &#8211; Centro &#8211; Belo Horizonte &#8211; MG<\/li>\n<li>Telefone: (31) 3236-7400<\/li>\n<\/ul>\n<h3>Hor\u00e1rio de funcionamento Pal\u00e1cio das Artes Belo Horizonte<\/h3>\n<p>Balc\u00e3o de Informa\u00e7\u00f5es<\/p>\n<ul>\n<li>Segunda a s\u00e1bado das 9h \u00e0s 21h \/ Domingo das 14h \u00e0s 20h<\/li>\n<li>Feriado das 9h \u00e0s 21h (sujeito a altera\u00e7\u00f5es de acordo com a programa\u00e7\u00e3o da Casa)<\/li>\n<\/ul>\n<p>Bilheteria Sagu\u00e3o Superior<\/p>\n<ul>\n<li>Segunda a s\u00e1bado das 10h \u00e0s 21h \/ Domingo e feriado das 14h \u00e0s 20h<\/li>\n<\/ul>\n<p>Galerias de Arte<\/p>\n<ul>\n<li>Ter\u00e7a a s\u00e1bado das 9h30 \u00e0s 21h \/ Domingo das 16h \u00e0s 21h<\/li>\n<\/ul>\n<p>Centro de Forma\u00e7\u00e3o Art\u00edstica e Tecnol\u00f3gica &#8211; Cefart<\/p>\n<ul>\n<li>Segunda a sexta das 8h \u00e0s 22h \/ Segunda a s\u00e1bado das 8h \u00e0s 22h40 (aulas)<\/li>\n<\/ul>\n<p>Midiateca Jo\u00e3o Etienne Filho<\/p>\n<ul>\n<li>Segunda a sexta das 9h \u00e0s 12h e 14h \u00e0s 18h<\/li>\n<\/ul>\n<p>Administra\u00e7\u00e3o da FCS<\/p>\n<ul>\n<li>Segunda a sexta das 8h \u00e0s 18h<\/li>\n<\/ul>\n<p>C\u00e2meraSete \u2013 Casa da Fotografia de Minas Gerais<\/p>\n<ul>\n<li>Ter\u00e7a a s\u00e1bado das 9h30 \u00e0s 21h<\/li>\n<\/ul>\n<p>Serraria Souza Pinto<\/p>\n<ul>\n<li>Segunda a s\u00e1bado das 8h \u00e0s 18h<\/li>\n<\/ul>\n<p>Centro T\u00e9cnico de Produ\u00e7\u00e3o Raul Bel\u00e9m Machado (CTP)<\/p>\n<ul>\n<li>Segunda a sexta das 8h \u00e0s 17h<\/li>\n<\/ul>\n<h4>Outras informa\u00e7\u00f5es e site<\/h4>\n<p>Mais informa\u00e7\u00f5es:\u00a0<a href=\"http:\/\/www.fcs.mg.gov.br\/index.php?option=com_gmg&amp;controller=events&amp;y=2018&amp;m=1&amp;d=26&amp;Itemid=1256\" target=\"_blank\" rel=\"noopener noreferrer\">www.fcs.mg.gov.br<\/a><\/p>\n<h4>Mapa de localiza\u00e7\u00e3o<\/h4>\n<a class=\"wp-colorbox-iframe\" href=\"https:\/\/www.google.com\/maps\/embed?pb=!1m14!1m8!1m3!1d15003.880844424319!2d-43.933517!3d-19.9256601!3m2!1i1024!2i768!4f13.1!3m3!1m2!1s0x00x4c7d3d103d04be63!2sPalcio+das+Artes!5e0!3m2!1spt-BR!2sbr!4v1512351382460\"><img decoding=\"async\" src=\"http:\/\/www.encontrabelohorizonte.com.br\/imgs\/maps-post.png\"><\/a>\n\n<div style=\"font-size: 0px; height: 0px; line-height: 0px; margin: 0; padding: 0; clear: both;\"><\/div>","protected":false},"excerpt":{"rendered":"<p>O Pal\u00e1cio das Artes Belo Horizonte, vinculado \u00e0 Funda\u00e7\u00e3o Cl\u00f3vis Salgado, \u00e9 o maior centro de produ\u00e7\u00e3o, forma\u00e7\u00e3o e difus\u00e3o cultural de Minas Gerais e um dos maiores da Am\u00e9rica Latina. Situado em Belo Horizonte, e inaugurado em 1971, o complexo arquitet\u00f4nico ocupa uma \u00e1rea de 900 mil metros quadrados dentro do Parque Municipal voltados para a exibi\u00e7\u00e3o, produ\u00e7\u00e3o e forma\u00e7\u00e3o de recursos humanos para o mercado de artes e espet\u00e1culos. A Funda\u00e7\u00e3o disp\u00f5e de recursos c\u00eanicos e ac\u00fasticos de elevado padr\u00e3o t\u00e9cnico para a montagem de \u00f3peras, pe\u00e7as teatrais, concertos de orquestra, espet\u00e1culos de dan\u00e7a e shows de m\u00fasica <\/p>\n","protected":false},"author":1,"featured_media":0,"parent":0,"menu_order":0,"comment_status":"closed","ping_status":"closed","template":"","meta":{"footnotes":""},"class_list":["post-2775","page","type-page","status-publish","hentry"],"aioseo_notices":[],"_links":{"self":[{"href":"https:\/\/www.encontrabelohorizonte.com.br\/sobre\/wp-json\/wp\/v2\/pages\/2775","targetHints":{"allow":["GET"]}}],"collection":[{"href":"https:\/\/www.encontrabelohorizonte.com.br\/sobre\/wp-json\/wp\/v2\/pages"}],"about":[{"href":"https:\/\/www.encontrabelohorizonte.com.br\/sobre\/wp-json\/wp\/v2\/types\/page"}],"author":[{"embeddable":true,"href":"https:\/\/www.encontrabelohorizonte.com.br\/sobre\/wp-json\/wp\/v2\/users\/1"}],"replies":[{"embeddable":true,"href":"https:\/\/www.encontrabelohorizonte.com.br\/sobre\/wp-json\/wp\/v2\/comments?post=2775"}],"version-history":[{"count":0,"href":"https:\/\/www.encontrabelohorizonte.com.br\/sobre\/wp-json\/wp\/v2\/pages\/2775\/revisions"}],"wp:attachment":[{"href":"https:\/\/www.encontrabelohorizonte.com.br\/sobre\/wp-json\/wp\/v2\/media?parent=2775"}],"curies":[{"name":"wp","href":"https:\/\/api.w.org\/{rel}","templated":true}]}}