{"id":3039,"date":"2018-01-08T21:17:29","date_gmt":"2018-01-08T21:17:29","guid":{"rendered":"http:\/\/www.encontrabelohorizonte.com.br\/sobre\/?page_id=3039"},"modified":"2018-01-08T21:24:13","modified_gmt":"2018-01-08T21:24:13","slug":"sindicato-dos-empregados-no-comercio-de-belo-horizonte","status":"publish","type":"page","link":"https:\/\/www.encontrabelohorizonte.com.br\/sobre\/sindicato-dos-empregados-no-comercio-de-belo-horizonte\/","title":{"rendered":"Sindicato dos Empregados no Com\u00e9rcio de Belo Horizonte"},"content":{"rendered":"<div class=\"2e083cf0b19e2c11948dc6ac054ba979\" data-index=\"1\" style=\"float: none; margin:0px;\">\n<!-- Anuncio display - global -->\r\n<ins class=\"adsbygoogle\"\r\n     style=\"display:block\"\r\n     data-ad-client=\"ca-pub-8585364105181520\"\r\n     data-ad-slot=\"8789329856\"\r\n     data-ad-format=\"auto\"\r\n     data-full-width-responsive=\"true\"><\/ins>\r\n<script>\r\n     (adsbygoogle = window.adsbygoogle || []).push({});\r\n<\/script>\n<\/div>\n<p>A hist\u00f3ria do <strong>Sindicato dos Empregados no Com\u00e9rcio de Belo Horizonte<\/strong> \u00e9 uma das entidades de trabalhadores mais antigas do pa\u00eds. Foi fundada em 11 de junho de 1925.<\/p>\n<p>O Sindicato dos Comerci\u00e1rios conta hoje com uma estrutura sindical s\u00f3lida, em ampla sede pr\u00f3pria, com atendimento jur\u00eddico e m\u00e9dico-dent\u00e1rio, departamento de Sa\u00fade Mental e cl\u00ednicas de Radiologia, Fisioterapia e Ultra-sonografia.<\/p>\n<p><img loading=\"lazy\" decoding=\"async\" class=\"alignnone wp-image-3040 size-full\" title=\"Sindicato dos Empregados no Com\u00e9rcio de Belo Horizonte\" src=\"https:\/\/www.encontrabelohorizonte.com.br\/sobre\/wp-content\/uploads\/sindicato-dos-empregados-no.jpg\" alt=\"Sindicato dos Empregados no Com\u00e9rcio de Belo Horizonte\" width=\"680\" height=\"189\" srcset=\"https:\/\/www.encontrabelohorizonte.com.br\/sobre\/wp-content\/uploads\/sindicato-dos-empregados-no.jpg 680w, https:\/\/www.encontrabelohorizonte.com.br\/sobre\/wp-content\/uploads\/sindicato-dos-empregados-no-300x83.jpg 300w\" sizes=\"auto, (max-width: 680px) 100vw, 680px\" \/><\/p>\n<p>Para o lazer, o clube campestre em S\u00e3o Jos\u00e9 da Lapa e a Col\u00f4nia de F\u00e9rias na praia de Jacara\u00edpe, no Esp\u00edrito Santo.<\/p>\n<h2>Conven\u00e7\u00e3o Coletiva Sindicato dos Empregados no Com\u00e9rcio de Belo Horizonte<\/h2>\n<p><span style=\"text-decoration: underline;\">Conven\u00e7\u00e3o coletiva de trabalho<\/span>, ou CCT, \u00e9 um ato jur\u00eddico pactuado entre sindicatos de empregadores e de empregados para o estabelecimento de regras nas rela\u00e7\u00f5es de trabalho em todo o \u00e2mbito das respectivas categorias (econ\u00f4mica e profissional).<\/p>\n<p>Diferentemente dos acordos coletivos, os efeitos das <em>Conven\u00e7\u00f5es<\/em> n\u00e3o se limitam apenas \u00e0s empresas acordantes e seus empregados.<\/p>\n<p>Acesse o <a href=\"http:\/\/www.secbhrm.org.br\/belo-horizonte.html\" target=\"_blank\" rel=\"noopener noreferrer\">link <\/a>para ter acesso as <em>conven\u00e7\u00f5es coletivas.<\/em><\/p>\n<h3>Hor\u00e1rio de Funcionamento Sindicato dos Empregados no Com\u00e9rcio de Belo Horizonte<\/h3>\n<ul>\n<li>Segunda a sexta das 7h \u00e0s 17h<\/li>\n<\/ul>\n<h3>Endere\u00e7o e Telefone Sindicato dos Empregados no Com\u00e9rcio de Belo Horizonte<\/h3>\n<ul>\n<li>Rua dos Tupinamb\u00e1s, 1045 &#8211; Centro &#8211; Belo Horizonte &#8211; MG<\/li>\n<li>Telefone: (31) 2101-0111<\/li>\n<\/ul>\n<h4>Outras informa\u00e7\u00f5es e site<\/h4>\n<p>Mais informa\u00e7\u00f5es:\u00a0<a href=\"http:\/\/www.secbhrm.org.br\/\" target=\"_blank\" rel=\"noopener noreferrer\">www.secbhrm.org.br\/<\/a><\/p>\n<h4>Mapa de localiza\u00e7\u00e3o<\/h4>\n<a class=\"wp-colorbox-iframe\" href=\"https:\/\/www.google.com\/maps\/embed?pb=!1m14!1m8!1m3!1d15004.744559506102!2d-43.9441352!3d-19.9165594!3m2!1i1024!2i768!4f13.1!3m3!1m2!1s0x00x2f30a67b64a628b7!2sSEC+-+Sindicato+Dos+Empregados+No+Comrcio!5e0!3m2!1spt-BR!2sbr!4v1515444236328\"><img decoding=\"async\" src=\"http:\/\/www.encontrabelohorizonte.com.br\/imgs\/maps-post.png\"><\/a>\n\n<div style=\"font-size: 0px; height: 0px; line-height: 0px; margin: 0; padding: 0; clear: both;\"><\/div>","protected":false},"excerpt":{"rendered":"<p>A hist\u00f3ria do Sindicato dos Empregados no Com\u00e9rcio de Belo Horizonte \u00e9 uma das entidades de trabalhadores mais antigas do pa\u00eds. Foi fundada em 11 de junho de 1925. O Sindicato dos Comerci\u00e1rios conta hoje com uma estrutura sindical s\u00f3lida, em ampla sede pr\u00f3pria, com atendimento jur\u00eddico e m\u00e9dico-dent\u00e1rio, departamento de Sa\u00fade Mental e cl\u00ednicas de Radiologia, Fisioterapia e Ultra-sonografia. Para o lazer, o clube campestre em S\u00e3o Jos\u00e9 da Lapa e a Col\u00f4nia de F\u00e9rias na praia de Jacara\u00edpe, no Esp\u00edrito Santo. Conven\u00e7\u00e3o Coletiva Sindicato dos Empregados no Com\u00e9rcio de Belo Horizonte Conven\u00e7\u00e3o coletiva de trabalho, ou CCT, \u00e9 <\/p>\n","protected":false},"author":1,"featured_media":0,"parent":0,"menu_order":0,"comment_status":"closed","ping_status":"closed","template":"","meta":{"footnotes":""},"class_list":["post-3039","page","type-page","status-publish","hentry"],"aioseo_notices":[],"_links":{"self":[{"href":"https:\/\/www.encontrabelohorizonte.com.br\/sobre\/wp-json\/wp\/v2\/pages\/3039","targetHints":{"allow":["GET"]}}],"collection":[{"href":"https:\/\/www.encontrabelohorizonte.com.br\/sobre\/wp-json\/wp\/v2\/pages"}],"about":[{"href":"https:\/\/www.encontrabelohorizonte.com.br\/sobre\/wp-json\/wp\/v2\/types\/page"}],"author":[{"embeddable":true,"href":"https:\/\/www.encontrabelohorizonte.com.br\/sobre\/wp-json\/wp\/v2\/users\/1"}],"replies":[{"embeddable":true,"href":"https:\/\/www.encontrabelohorizonte.com.br\/sobre\/wp-json\/wp\/v2\/comments?post=3039"}],"version-history":[{"count":0,"href":"https:\/\/www.encontrabelohorizonte.com.br\/sobre\/wp-json\/wp\/v2\/pages\/3039\/revisions"}],"wp:attachment":[{"href":"https:\/\/www.encontrabelohorizonte.com.br\/sobre\/wp-json\/wp\/v2\/media?parent=3039"}],"curies":[{"name":"wp","href":"https:\/\/api.w.org\/{rel}","templated":true}]}}